{"id":131,"date":"2024-01-25T23:22:44","date_gmt":"2024-01-25T22:22:44","guid":{"rendered":"https:\/\/ucos.fr\/?page_id=131"},"modified":"2024-12-17T16:32:39","modified_gmt":"2024-12-17T15:32:39","slug":"equipe","status":"publish","type":"page","link":"https:\/\/ucos.fr\/index.php\/equipe\/","title":{"rendered":"Equipe"},"content":{"rendered":"\n<div class=\"wp-block-group alignfull is-layout-constrained wp-block-group-is-layout-constrained\">\n<div class=\"wp-block-cover alignfull has-x-large-font-size wp-duotone-unset-1\" style=\"min-height:416px;aspect-ratio:unset;\"><span aria-hidden=\"true\" class=\"wp-block-cover__background has-custom-bleu-fonc-background-color has-background-dim-60 has-background-dim\"><\/span><img loading=\"lazy\" decoding=\"async\" width=\"2000\" height=\"1333\" class=\"wp-block-cover__image-background wp-image-376\" alt=\"\" src=\"https:\/\/ucos.fr\/wp-content\/uploads\/2024\/10\/HD-25.jpg\" style=\"object-position:49% 34%\" data-object-fit=\"cover\" data-object-position=\"49% 34%\" srcset=\"https:\/\/ucos.fr\/wp-content\/uploads\/2024\/10\/HD-25.jpg 2000w, https:\/\/ucos.fr\/wp-content\/uploads\/2024\/10\/HD-25-300x200.jpg 300w, https:\/\/ucos.fr\/wp-content\/uploads\/2024\/10\/HD-25-1024x682.jpg 1024w, https:\/\/ucos.fr\/wp-content\/uploads\/2024\/10\/HD-25-768x512.jpg 768w, https:\/\/ucos.fr\/wp-content\/uploads\/2024\/10\/HD-25-1536x1024.jpg 1536w\" sizes=\"auto, (max-width: 2000px) 100vw, 2000px\" \/><div class=\"wp-block-cover__inner-container is-layout-flow wp-block-cover-is-layout-flow\">\n<p class=\"has-text-align-left has-x-large-font-size\">Une \u00e9quipe \u00e0 votre service<\/p>\n\n\n\n<h5 class=\"wp-block-heading has-raft-bg-color has-text-color has-link-color wp-elements-6d366f8f51525ee188e5969ba438c80b\" style=\"padding-top:0;padding-right:var(--wp--preset--spacing--80);padding-bottom:0;padding-left:0;font-style:normal;font-weight:300\">4 chirurgiens sp\u00e9cialistes composent l&rsquo;\u00e9quipe de chirurgie orthop\u00e9dique de l&rsquo;UCOS \u00e0 Vannes. <br>Pour Ils prennent en charge l&rsquo;ensemble des pathologies li\u00e9es aux articulations de l&rsquo;\u00e9paule, de la hanche, du genou et de la cheville chez l&rsquo;adulte et l&rsquo;enfant.<\/h5>\n<\/div><\/div>\n\n\n\n<div class=\"wp-block-group alignfull is-content-justification-center is-nowrap is-layout-flex wp-container-core-group-is-layout-aaaf4f22 wp-block-group-is-layout-flex\" style=\"margin-top:0;margin-bottom:0;padding-top:var(--wp--preset--spacing--60);padding-right:var(--wp--preset--spacing--40);padding-bottom:var(--wp--preset--spacing--60);padding-left:var(--wp--preset--spacing--40)\">\n<div class=\"wp-block-columns alignwide is-layout-flex wp-container-core-columns-is-layout-9cad5244 wp-block-columns-is-layout-flex\" style=\"margin-top:0;margin-bottom:0\">\n<div class=\"wp-block-column is-layout-flow wp-container-core-column-is-layout-f5bb311e wp-block-column-is-layout-flow\">\n<figure class=\"wp-block-image size-large size-full is-style-default\"><img loading=\"lazy\" decoding=\"async\" width=\"1024\" height=\"1024\" src=\"https:\/\/ucos.fr\/wp-content\/uploads\/2024\/10\/portrait-1-edited-1024x1024.jpg\" alt=\"\" class=\"wp-image-366\" srcset=\"https:\/\/ucos.fr\/wp-content\/uploads\/2024\/10\/portrait-1-edited-1024x1024.jpg 1024w, https:\/\/ucos.fr\/wp-content\/uploads\/2024\/10\/portrait-1-edited-300x300.jpg 300w, https:\/\/ucos.fr\/wp-content\/uploads\/2024\/10\/portrait-1-edited-150x150.jpg 150w, https:\/\/ucos.fr\/wp-content\/uploads\/2024\/10\/portrait-1-edited-768x769.jpg 768w, https:\/\/ucos.fr\/wp-content\/uploads\/2024\/10\/portrait-1-edited.jpg 1433w\" sizes=\"auto, (max-width: 1024px) 100vw, 1024px\" \/><\/figure>\n\n\n\n<h3 class=\"wp-block-heading has-medium-font-size\" style=\"font-style:normal;font-weight:400\">Dr. Jean-Philippe Vincent<\/h3>\n\n\n\n<p class=\"has-normal-font-size\" style=\"font-style:normal;font-weight:300;text-transform:none\"><a href=\"\/index.php\/jean-philippe-vincent\/\" data-type=\"link\" data-id=\"\/index.php\/jean-philippe-vincent\/\">Chirurgien orthop\u00e9diste sp\u00e9cialiste du genou et de la hanche<\/a><\/p>\n\n\n\n<ul class=\"wp-block-social-links has-visible-labels has-icon-color has-icon-background-color is-style-pill-shape is-content-justification-center is-layout-flex wp-container-core-social-links-is-layout-1029f969 wp-block-social-links-is-layout-flex\"><li style=\"color:#ffffff;background-color:#ab9e88;\" class=\"wp-social-link wp-social-link-chain has-white-color wp-block-social-link\"><a rel=\"noopener nofollow\" target=\"_blank\" href=\"https:\/\/ucos.fr\/index.php\/equipe\/jean-philippe-vincent\/\" class=\"wp-block-social-link-anchor\"><svg width=\"24\" height=\"24\" viewBox=\"0 0 24 24\" version=\"1.1\" xmlns=\"http:\/\/www.w3.org\/2000\/svg\" aria-hidden=\"true\" focusable=\"false\"><path d=\"M15.6,7.2H14v1.5h1.6c2,0,3.7,1.7,3.7,3.7s-1.7,3.7-3.7,3.7H14v1.5h1.6c2.8,0,5.2-2.3,5.2-5.2,0-2.9-2.3-5.2-5.2-5.2zM4.7,12.4c0-2,1.7-3.7,3.7-3.7H10V7.2H8.4c-2.9,0-5.2,2.3-5.2,5.2,0,2.9,2.3,5.2,5.2,5.2H10v-1.5H8.4c-2,0-3.7-1.7-3.7-3.7zm4.6.9h5.3v-1.5H9.3v1.5z\"><\/path><\/svg><span class=\"wp-block-social-link-label\">En savoir  plus<\/span><\/a><\/li><\/ul>\n<\/div>\n\n\n\n<div class=\"wp-block-column is-layout-flow wp-container-core-column-is-layout-f5bb311e wp-block-column-is-layout-flow\">\n<figure class=\"wp-block-image size-large size-full\"><img loading=\"lazy\" decoding=\"async\" width=\"1024\" height=\"1024\" src=\"https:\/\/ucos.fr\/wp-content\/uploads\/2024\/10\/portrait-3-1-edited-1024x1024.jpg\" alt=\"\" class=\"wp-image-363\" srcset=\"https:\/\/ucos.fr\/wp-content\/uploads\/2024\/10\/portrait-3-1-edited-1024x1024.jpg 1024w, https:\/\/ucos.fr\/wp-content\/uploads\/2024\/10\/portrait-3-1-edited-300x300.jpg 300w, https:\/\/ucos.fr\/wp-content\/uploads\/2024\/10\/portrait-3-1-edited-150x150.jpg 150w, https:\/\/ucos.fr\/wp-content\/uploads\/2024\/10\/portrait-3-1-edited-768x767.jpg 768w, https:\/\/ucos.fr\/wp-content\/uploads\/2024\/10\/portrait-3-1-edited.jpg 1333w\" sizes=\"auto, (max-width: 1024px) 100vw, 1024px\" \/><\/figure>\n\n\n\n<h3 class=\"wp-block-heading has-medium-font-size\" style=\"font-style:normal;font-weight:400\">Dr. Mike Persigant <\/h3>\n\n\n\n<p class=\"has-normal-font-size\" style=\"font-style:normal;font-weight:300;text-transform:none\">Chirurgien orthop\u00e9diste<br>sp\u00e9cialiste du pied, du genou et de la hanche<\/p>\n\n\n\n<ul class=\"wp-block-social-links has-visible-labels has-icon-color has-icon-background-color is-style-pill-shape is-content-justification-center is-layout-flex wp-container-core-social-links-is-layout-1029f969 wp-block-social-links-is-layout-flex\"><li style=\"color:#ffffff;background-color:#ab9e88;\" class=\"wp-social-link wp-social-link-chain has-white-color wp-block-social-link\"><a rel=\"noopener nofollow\" target=\"_blank\" href=\"https:\/\/ucos.fr\/index.php\/equipe\/mike-persigant\/\" class=\"wp-block-social-link-anchor\"><svg width=\"24\" height=\"24\" viewBox=\"0 0 24 24\" version=\"1.1\" xmlns=\"http:\/\/www.w3.org\/2000\/svg\" aria-hidden=\"true\" focusable=\"false\"><path d=\"M15.6,7.2H14v1.5h1.6c2,0,3.7,1.7,3.7,3.7s-1.7,3.7-3.7,3.7H14v1.5h1.6c2.8,0,5.2-2.3,5.2-5.2,0-2.9-2.3-5.2-5.2-5.2zM4.7,12.4c0-2,1.7-3.7,3.7-3.7H10V7.2H8.4c-2.9,0-5.2,2.3-5.2,5.2,0,2.9,2.3,5.2,5.2,5.2H10v-1.5H8.4c-2,0-3.7-1.7-3.7-3.7zm4.6.9h5.3v-1.5H9.3v1.5z\"><\/path><\/svg><span class=\"wp-block-social-link-label\">En savoir plus<\/span><\/a><\/li><\/ul>\n<\/div>\n\n\n\n<div class=\"wp-block-column is-layout-flow wp-container-core-column-is-layout-f5bb311e wp-block-column-is-layout-flow\">\n<figure class=\"wp-block-image size-large size-full\"><img loading=\"lazy\" decoding=\"async\" width=\"1024\" height=\"1024\" src=\"https:\/\/ucos.fr\/wp-content\/uploads\/2024\/10\/portrait-4-edited-1024x1024.jpg\" alt=\"\" class=\"wp-image-368\" srcset=\"https:\/\/ucos.fr\/wp-content\/uploads\/2024\/10\/portrait-4-edited-1024x1024.jpg 1024w, https:\/\/ucos.fr\/wp-content\/uploads\/2024\/10\/portrait-4-edited-300x300.jpg 300w, https:\/\/ucos.fr\/wp-content\/uploads\/2024\/10\/portrait-4-edited-150x150.jpg 150w, https:\/\/ucos.fr\/wp-content\/uploads\/2024\/10\/portrait-4-edited-768x768.jpg 768w, https:\/\/ucos.fr\/wp-content\/uploads\/2024\/10\/portrait-4-edited.jpg 1355w\" sizes=\"auto, (max-width: 1024px) 100vw, 1024px\" \/><\/figure>\n\n\n\n<h3 class=\"wp-block-heading has-medium-font-size\" style=\"font-style:normal;font-weight:400\">Dr. Yonis Quinette<\/h3>\n\n\n\n<p class=\"has-normal-font-size\" style=\"font-style:normal;font-weight:300;text-transform:none\">Chirurgien Orthop\u00e9diste<br>Sp\u00e9cialiste de l&rsquo;\u00e9paule, du genou et de la hanche<\/p>\n\n\n\n<ul class=\"wp-block-social-links has-visible-labels has-icon-color has-icon-background-color is-style-pill-shape is-content-justification-center is-layout-flex wp-container-core-social-links-is-layout-1029f969 wp-block-social-links-is-layout-flex\"><li style=\"color:#FFFFFF;background-color:#ab9e88;\" class=\"wp-social-link wp-social-link-chain has-raft-bg-color wp-block-social-link\"><a rel=\"noopener nofollow\" target=\"_blank\" href=\"https:\/\/ucos.fr\/index.php\/equipe\/yonis-quinette\/\" class=\"wp-block-social-link-anchor\"><svg width=\"24\" height=\"24\" viewBox=\"0 0 24 24\" version=\"1.1\" xmlns=\"http:\/\/www.w3.org\/2000\/svg\" aria-hidden=\"true\" focusable=\"false\"><path d=\"M15.6,7.2H14v1.5h1.6c2,0,3.7,1.7,3.7,3.7s-1.7,3.7-3.7,3.7H14v1.5h1.6c2.8,0,5.2-2.3,5.2-5.2,0-2.9-2.3-5.2-5.2-5.2zM4.7,12.4c0-2,1.7-3.7,3.7-3.7H10V7.2H8.4c-2.9,0-5.2,2.3-5.2,5.2,0,2.9,2.3,5.2,5.2,5.2H10v-1.5H8.4c-2,0-3.7-1.7-3.7-3.7zm4.6.9h5.3v-1.5H9.3v1.5z\"><\/path><\/svg><span class=\"wp-block-social-link-label\">En savoir plus<\/span><\/a><\/li><\/ul>\n<\/div>\n\n\n\n<div class=\"wp-block-column is-layout-flow wp-container-core-column-is-layout-f5bb311e wp-block-column-is-layout-flow\">\n<figure class=\"wp-block-image size-large size-full\"><img loading=\"lazy\" decoding=\"async\" width=\"1333\" height=\"1332\" src=\"https:\/\/ucos.fr\/wp-content\/uploads\/2024\/04\/portrait-2-edited.jpg\" alt=\"\" class=\"wp-image-302\" srcset=\"https:\/\/ucos.fr\/wp-content\/uploads\/2024\/04\/portrait-2-edited.jpg 1333w, https:\/\/ucos.fr\/wp-content\/uploads\/2024\/04\/portrait-2-edited-300x300.jpg 300w, https:\/\/ucos.fr\/wp-content\/uploads\/2024\/04\/portrait-2-edited-1024x1024.jpg 1024w, https:\/\/ucos.fr\/wp-content\/uploads\/2024\/04\/portrait-2-edited-150x150.jpg 150w, https:\/\/ucos.fr\/wp-content\/uploads\/2024\/04\/portrait-2-edited-768x767.jpg 768w\" sizes=\"auto, (max-width: 1333px) 100vw, 1333px\" \/><\/figure>\n\n\n\n<h3 class=\"wp-block-heading has-medium-font-size\" style=\"font-style:normal;font-weight:400\">Dr. Olivier Badelon<\/h3>\n\n\n\n<p class=\"has-normal-font-size\" style=\"font-style:normal;font-weight:300;text-transform:none\">Chirurgien Orthop\u00e9diste infantile<\/p>\n\n\n\n<ul class=\"wp-block-social-links has-visible-labels has-icon-color has-icon-background-color is-style-pill-shape is-content-justification-center is-layout-flex wp-container-core-social-links-is-layout-1029f969 wp-block-social-links-is-layout-flex\"><li style=\"color:#ffffff;background-color:#ab9e88;\" class=\"wp-social-link wp-social-link-chain has-white-color wp-block-social-link\"><a rel=\"noopener nofollow\" target=\"_blank\" href=\"https:\/\/www.doctolib.fr\/chirurgien-orthopediste\/neuilly-sur-seine\/olivier-badelon?pid=practice-254156\" class=\"wp-block-social-link-anchor\"><svg width=\"24\" height=\"24\" viewBox=\"0 0 24 24\" version=\"1.1\" xmlns=\"http:\/\/www.w3.org\/2000\/svg\" aria-hidden=\"true\" focusable=\"false\"><path d=\"M15.6,7.2H14v1.5h1.6c2,0,3.7,1.7,3.7,3.7s-1.7,3.7-3.7,3.7H14v1.5h1.6c2.8,0,5.2-2.3,5.2-5.2,0-2.9-2.3-5.2-5.2-5.2zM4.7,12.4c0-2,1.7-3.7,3.7-3.7H10V7.2H8.4c-2.9,0-5.2,2.3-5.2,5.2,0,2.9,2.3,5.2,5.2,5.2H10v-1.5H8.4c-2,0-3.7-1.7-3.7-3.7zm4.6.9h5.3v-1.5H9.3v1.5z\"><\/path><\/svg><span class=\"wp-block-social-link-label\">En savoir plus<\/span><\/a><\/li><\/ul>\n<\/div>\n<\/div>\n<\/div>\n<\/div>\n\n\n\n<div class=\"wp-block-group alignfull has-raft-fg-alt-color has-raft-bg-inv-background-color has-text-color has-background has-link-color wp-elements-bcbfdc1e76c663d12311bfc19ddcb5e3 is-layout-constrained wp-container-core-group-is-layout-c2b63da3 wp-block-group-is-layout-constrained\" style=\"margin-top:0px;margin-bottom:0px;padding-top:var(--wp--preset--spacing--80);padding-right:var(--wp--preset--spacing--40);padding-bottom:var(--wp--preset--spacing--80);padding-left:var(--wp--preset--spacing--40)\">\n<div class=\"wp-block-group is-layout-constrained wp-container-core-group-is-layout-bea02a06 wp-block-group-is-layout-constrained\">\n<h2 class=\"wp-block-heading has-text-align-center has-raft-bg-color has-text-color has-link-color wp-elements-0818ab31da9a8f981e4f28f3fded6bfd\">Comment choisir le bon chirurgien ?<\/h2>\n\n\n\n<p class=\"has-text-align-center\" style=\"font-style:normal;font-weight:200\">Pour choisir un bon chirurgien orthop\u00e9dique, privil\u00e9giez un sp\u00e9cialiste attentif \u00e0 vos besoins. L\u2019\u00e9coute du patient, les qualifications, l\u2019exp\u00e9rience en blessures sportives et les techniques modernes sont essentiels. Consultez les avis patients et n\u2019h\u00e9sitez pas \u00e0 demander un premier rendez-vous pour \u00e9valuer la relation de confiance.<\/p>\n<\/div>\n<\/div>\n\n\n\n<div class=\"wp-block-group alignfull is-layout-constrained wp-container-core-group-is-layout-f7faa7bb wp-block-group-is-layout-constrained\" style=\"margin-top:0;margin-bottom:0;padding-top:var(--wp--preset--spacing--40);padding-right:var(--wp--preset--spacing--40);padding-bottom:var(--wp--preset--spacing--40);padding-left:var(--wp--preset--spacing--40)\">\n<div class=\"wp-block-columns alignwide is-layout-flex wp-container-core-columns-is-layout-47c06fe3 wp-block-columns-is-layout-flex\">\n<div class=\"wp-block-column is-layout-flow wp-block-column-is-layout-flow\">\n<figure class=\"wp-block-image alignleft size-large is-resized\"><img loading=\"lazy\" decoding=\"async\" width=\"1024\" height=\"682\" src=\"https:\/\/ucos.fr\/wp-content\/uploads\/2024\/04\/web-17-1024x682.jpg\" alt=\"\" class=\"wp-image-308\" style=\"aspect-ratio:1;object-fit:cover;width:463px;height:auto\" srcset=\"https:\/\/ucos.fr\/wp-content\/uploads\/2024\/04\/web-17-1024x682.jpg 1024w, https:\/\/ucos.fr\/wp-content\/uploads\/2024\/04\/web-17-300x200.jpg 300w, https:\/\/ucos.fr\/wp-content\/uploads\/2024\/04\/web-17-768x512.jpg 768w, https:\/\/ucos.fr\/wp-content\/uploads\/2024\/04\/web-17-1536x1024.jpg 1536w, https:\/\/ucos.fr\/wp-content\/uploads\/2024\/04\/web-17.jpg 2000w\" sizes=\"auto, (max-width: 1024px) 100vw, 1024px\" \/><\/figure>\n<\/div>\n\n\n\n<div class=\"wp-block-column is-vertically-aligned-center is-layout-flow wp-block-column-is-layout-flow\">\n<h2 class=\"wp-block-heading\">Notre \u00e9quipe \u00e0 votre \u00e9coute<\/h2>\n\n\n\n<p style=\"font-style:normal;font-weight:100\">Notre \u00e9quipe est compos\u00e9e de secr\u00e9taires et d\u2019infirmiers qualifi\u00e9s, d\u00e9di\u00e9s \u00e0 votre sant\u00e9. <br><br>Toujours \u00e0 l\u2019\u00e9coute, ils s\u2019efforcent de r\u00e9pondre \u00e0 vos besoins avec professionnalisme et bienveillance, que ce soit pour organiser vos rendez-vous ou vous accompagner avant et apr\u00e8s vos interventions.<\/p>\n\n\n\n<div class=\"wp-block-buttons is-layout-flex wp-block-buttons-is-layout-flex\">\n<div class=\"wp-block-button\" style=\"font-style:normal;font-weight:300\"><a class=\"wp-block-button__link has-raft-bg-color has-custom-gold-button-background-color has-text-color has-background has-link-color wp-element-button\" href=\"https:\/\/ucos.fr\/index.php\/le-cabinet\/\">D\u00e9couvrir notre cabinet de consultation<\/a><\/div>\n<\/div>\n<\/div>\n<\/div>\n<\/div>\n","protected":false},"excerpt":{"rendered":"<p>Dr. Jean-Philippe Vincent Chirurgien orthop\u00e9diste sp\u00e9cialiste du genou et de la hanche Dr. Mike Persigant Chirurgien orthop\u00e9distesp\u00e9cialiste du pied, du genou et de la hanche Dr. Yonis Quinette Chirurgien Orthop\u00e9disteSp\u00e9cialiste de l&rsquo;\u00e9paule, du genou et de la hanche Dr. Olivier Badelon Chirurgien Orthop\u00e9diste infantile Comment choisir le bon chirurgien ? Pour choisir un bon chirurgien [&hellip;]<\/p>\n","protected":false},"author":1,"featured_media":43,"parent":0,"menu_order":0,"comment_status":"closed","ping_status":"closed","template":"template-plain","meta":{"footnotes":""},"class_list":["post-131","page","type-page","status-publish","has-post-thumbnail","hentry"],"_links":{"self":[{"href":"https:\/\/ucos.fr\/index.php\/wp-json\/wp\/v2\/pages\/131","targetHints":{"allow":["GET"]}}],"collection":[{"href":"https:\/\/ucos.fr\/index.php\/wp-json\/wp\/v2\/pages"}],"about":[{"href":"https:\/\/ucos.fr\/index.php\/wp-json\/wp\/v2\/types\/page"}],"author":[{"embeddable":true,"href":"https:\/\/ucos.fr\/index.php\/wp-json\/wp\/v2\/users\/1"}],"replies":[{"embeddable":true,"href":"https:\/\/ucos.fr\/index.php\/wp-json\/wp\/v2\/comments?post=131"}],"version-history":[{"count":19,"href":"https:\/\/ucos.fr\/index.php\/wp-json\/wp\/v2\/pages\/131\/revisions"}],"predecessor-version":[{"id":529,"href":"https:\/\/ucos.fr\/index.php\/wp-json\/wp\/v2\/pages\/131\/revisions\/529"}],"wp:featuredmedia":[{"embeddable":true,"href":"https:\/\/ucos.fr\/index.php\/wp-json\/wp\/v2\/media\/43"}],"wp:attachment":[{"href":"https:\/\/ucos.fr\/index.php\/wp-json\/wp\/v2\/media?parent=131"}],"curies":[{"name":"wp","href":"https:\/\/api.w.org\/{rel}","templated":true}]}}