{"id":151,"date":"2024-02-08T14:46:11","date_gmt":"2024-02-08T13:46:11","guid":{"rendered":"https:\/\/ucos.fr\/?page_id=151"},"modified":"2024-12-08T16:14:14","modified_gmt":"2024-12-08T15:14:14","slug":"parcours-patient","status":"publish","type":"page","link":"https:\/\/ucos.fr\/index.php\/parcours-patient\/","title":{"rendered":"Parcours patient"},"content":{"rendered":"\n<div class=\"wp-block-cover wp-duotone-unset-1\"><span aria-hidden=\"true\" class=\"wp-block-cover__background has-custom-bleu-fonc-background-color has-background-dim-60 has-background-dim\"><\/span><img loading=\"lazy\" decoding=\"async\" width=\"2000\" height=\"1333\" class=\"wp-block-cover__image-background wp-image-270\" alt=\"\" src=\"https:\/\/ucos.fr\/wp-content\/uploads\/2024\/04\/web-1.jpg\" style=\"object-position:52% 62%\" data-object-fit=\"cover\" data-object-position=\"52% 62%\" srcset=\"https:\/\/ucos.fr\/wp-content\/uploads\/2024\/04\/web-1.jpg 2000w, https:\/\/ucos.fr\/wp-content\/uploads\/2024\/04\/web-1-300x200.jpg 300w, https:\/\/ucos.fr\/wp-content\/uploads\/2024\/04\/web-1-1024x682.jpg 1024w, https:\/\/ucos.fr\/wp-content\/uploads\/2024\/04\/web-1-768x512.jpg 768w, https:\/\/ucos.fr\/wp-content\/uploads\/2024\/04\/web-1-1536x1024.jpg 1536w\" sizes=\"auto, (max-width: 2000px) 100vw, 2000px\" \/><div class=\"wp-block-cover__inner-container is-layout-constrained wp-block-cover-is-layout-constrained\">\n<p class=\"has-text-align-left has-x-large-font-size\">Parcours patient <\/p>\n\n\n\n<p>Consultation, op\u00e9ration, retour \u00e0 la maison, un parcours simple et fluide<\/p>\n<\/div><\/div>\n\n\n\n<div class=\"wp-block-group alignfull has-raft-bg-alt-background-color has-background is-layout-constrained wp-container-core-group-is-layout-38ba5251 wp-block-group-is-layout-constrained\" style=\"margin-top:0;margin-bottom:0;padding-top:var(--wp--preset--spacing--80);padding-right:var(--wp--preset--spacing--40);padding-bottom:var(--wp--preset--spacing--80);padding-left:var(--wp--preset--spacing--40)\">\n<div class=\"wp-block-group is-layout-constrained wp-container-core-group-is-layout-19e250f3 wp-block-group-is-layout-constrained\">\n<h2 class=\"wp-block-heading\">Les grandes \u00e9tapes de votre parcours patient<\/h2>\n<\/div>\n\n\n\n<div class=\"wp-block-cp-timeline-content-timeline-block Cool-Content-Timeline\"><div class=\"cool-timeline-block-c9482e55-150d-4679-9bcf-d38d3478c8e6\"><style>.cool-timeline-block-c9482e55-150d-4679-9bcf-d38d3478c8e6 .cool-vertical-timeline-body{--ctlb-icon-color: #d9b41f;--ctlb-heading-color: #092e5a;--ctlb-titile-bt-spacing: 13px;--ctlb-line-color: #d9b41f;--ctlb-icon-bg: #d9b41f;--ctlb-story-border-color: #d9b41f;--ctlb-icon-box-size: 31px;--ctlb-middle-line-size: 4px;}<\/style><div class=\"cool-vertical-timeline-body ctlb-wrapper one-sided left\"><div class=\"cool-timeline-block-list\">\n<div class=\"wp-block-cp-timeline-content-timeline-block-child swiper-slide\"><div class=\"timeline-content icon-false \"><div class=\"timeline-block-timeline ctl-row  position-right\"><div class=\"ctl-6 timeline-block-time\"><div class=\"story-time\"><p>1\u00e8re consultation chez votre m\u00e9decin traitant<\/p><\/div><\/div><div class=\"timeline-block-icon\"><svg stroke=\"currentColor\" fill=\"currentColor\" stroke-width=\"0\" viewBox=\"0 0 512 512\" height=\"1em\" width=\"1em\" xmlns=\"http:\/\/www.w3.org\/2000\/svg\"><path d=\"M256 8C119 8 8 119 8 256s111 248 248 248 248-111 248-248S393 8 256 8z\"><\/path><\/svg><\/div><div class=\"ctl-6 timeline-block-detail\"><div class=\"story-details\"><div class=\"story-content\">\n<h3 class=\"wp-block-heading ctlb-block-title\" style=\"padding-top:0px;padding-right:0px;padding-bottom:0px;padding-left:0px\">M\u00e9decin traitant<\/h3>\n\n\n\n<p class=\"ctlb-block-desc has-normal-font-size\" style=\"padding-top:0px;padding-right:0px;padding-bottom:0px;padding-left:0px;font-style:normal;font-weight:100;line-height:1.2\">Suite \u00e0 une blessure en pratiquant une activit\u00e9 physique, vous ressentez peut-\u00eatre une douleur importante et persistante. <br><br>Votre d\u00e9marche est affect\u00e9e et votre mobilit\u00e9 est r\u00e9duite, ces signes indiquent qu&rsquo;il est important de consulter un m\u00e9decin.<\/p>\n<\/div><\/div><\/div><\/div><\/div><\/div>\n\n\n\n<div class=\"wp-block-cp-timeline-content-timeline-block-child swiper-slide\"><div class=\"timeline-content icon-false \"><div class=\"timeline-block-timeline ctl-row  position-left\"><div class=\"ctl-6 timeline-block-time\"><div class=\"story-time\"><p>Consultation avec le chirurgien<\/p><\/div><\/div><div class=\"timeline-block-icon\"><svg stroke=\"currentColor\" fill=\"currentColor\" stroke-width=\"0\" viewBox=\"0 0 512 512\" height=\"1em\" width=\"1em\" xmlns=\"http:\/\/www.w3.org\/2000\/svg\"><path d=\"M256 8C119 8 8 119 8 256s111 248 248 248 248-111 248-248S393 8 256 8z\"><\/path><\/svg><\/div><div class=\"ctl-6 timeline-block-detail\"><div class=\"story-details\"><div class=\"story-content\">\n<figure class=\"wp-block-image size-large ctlb-block-image\"><img loading=\"lazy\" decoding=\"async\" width=\"1024\" height=\"1024\" src=\"https:\/\/ucos.fr\/wp-content\/uploads\/2024\/04\/web-28-edited-1024x1024.jpg\" alt=\"\" class=\"wp-image-355\" style=\"aspect-ratio:4\/3;object-fit:cover\" srcset=\"https:\/\/ucos.fr\/wp-content\/uploads\/2024\/04\/web-28-edited-1024x1024.jpg 1024w, https:\/\/ucos.fr\/wp-content\/uploads\/2024\/04\/web-28-edited-300x300.jpg 300w, https:\/\/ucos.fr\/wp-content\/uploads\/2024\/04\/web-28-edited-150x150.jpg 150w, https:\/\/ucos.fr\/wp-content\/uploads\/2024\/04\/web-28-edited-768x768.jpg 768w, https:\/\/ucos.fr\/wp-content\/uploads\/2024\/04\/web-28-edited.jpg 1333w\" sizes=\"auto, (max-width: 1024px) 100vw, 1024px\" \/><\/figure>\n\n\n\n<h3 class=\"wp-block-heading ctlb-block-title\" style=\"padding-top:0px;padding-right:0px;padding-bottom:0px;padding-left:0px\">Consultation \u00e0 l&rsquo;UCOS<\/h3>\n\n\n\n<p class=\"ctlb-block-desc has-normal-font-size\" style=\"padding-top:0px;padding-right:0px;padding-bottom:0px;padding-left:0px;font-style:normal;font-weight:100;line-height:1.2\">\u00c0 l\u2019UCOS (Unit\u00e9 de Chirurgie Orthop\u00e9dique et Sportive) de Vannes, les consultations pr\u00e9 et post-op\u00e9ratoires garantissent un suivi complet. <br><br>Lors de la premi\u00e8re consultation, <strong>apportez les recommandations de votre m\u00e9decin traitant et des bilans radiographiques r\u00e9cents (moins de 3 mois)<\/strong>. Ces \u00e9l\u00e9ments sont essentiels pour d\u00e9terminer les suites \u00e0 donner : examens compl\u00e9mentaires, type de traitement ou choix de la chirurgie adapt\u00e9e.<\/p>\n<\/div><\/div><\/div><\/div><\/div><\/div>\n\n\n\n<div class=\"wp-block-cp-timeline-content-timeline-block-child swiper-slide\"><div class=\"timeline-content icon-false \"><div class=\"timeline-block-timeline ctl-row  position-right\"><div class=\"ctl-6 timeline-block-time\"><div class=\"story-time\"><p>Consultation d&rsquo;anesth\u00e9sie<\/p><\/div><\/div><div class=\"timeline-block-icon\"><svg stroke=\"currentColor\" fill=\"currentColor\" stroke-width=\"0\" viewBox=\"0 0 512 512\" height=\"1em\" width=\"1em\" xmlns=\"http:\/\/www.w3.org\/2000\/svg\"><path d=\"M256 8C119 8 8 119 8 256s111 248 248 248 248-111 248-248S393 8 256 8z\"><\/path><\/svg><\/div><div class=\"ctl-6 timeline-block-detail\"><div class=\"story-details\"><div class=\"story-content\">\n<figure class=\"wp-block-image size-large ctlb-block-image\"><img loading=\"lazy\" decoding=\"async\" width=\"1024\" height=\"458\" src=\"https:\/\/ucos.fr\/wp-content\/uploads\/2024\/02\/anesthesie-1024x458.jpg\" alt=\"\" class=\"wp-image-226\" style=\"aspect-ratio:4\/3;object-fit:cover\" srcset=\"https:\/\/ucos.fr\/wp-content\/uploads\/2024\/02\/anesthesie-1024x458.jpg 1024w, https:\/\/ucos.fr\/wp-content\/uploads\/2024\/02\/anesthesie-300x134.jpg 300w, https:\/\/ucos.fr\/wp-content\/uploads\/2024\/02\/anesthesie-768x344.jpg 768w, https:\/\/ucos.fr\/wp-content\/uploads\/2024\/02\/anesthesie-1536x687.jpg 1536w, https:\/\/ucos.fr\/wp-content\/uploads\/2024\/02\/anesthesie-2048x916.jpg 2048w\" sizes=\"auto, (max-width: 1024px) 100vw, 1024px\" \/><\/figure>\n\n\n\n<h3 class=\"wp-block-heading ctlb-block-title\" style=\"padding-top:0px;padding-right:0px;padding-bottom:0px;padding-left:0px\">Consultation d&rsquo;anesth\u00e9sie<\/h3>\n\n\n\n<p class=\"ctlb-block-desc has-normal-font-size\" style=\"padding-top:0px;padding-right:0px;padding-bottom:0px;padding-left:0px;font-style:normal;font-weight:100;line-height:1.2\">L&rsquo;anesth\u00e9siste-r\u00e9animateur est un m\u00e9decin sp\u00e9cialis\u00e9 dans la prise en charge des patients avant, pendant et apr\u00e8s une intervention chirurgicale. <br><br>Dans la plupart des cas, un rendez-vous est n\u00e9cessaire avant l&rsquo;op\u00e9ration afin de pr\u00e9parer l&rsquo;anesth\u00e9sie et vous informer sur les diff\u00e9rentes \u00e9tapes pr\u00e9 et post op\u00e9ratoires. <br><br>>> <a href=\"https:\/\/www.elsan.care\/fr\/hopital-prive-oceane\/patients\/anesthesie-et-reanimation\" data-type=\"link\" data-id=\"https:\/\/www.elsan.care\/fr\/hopital-prive-oceane\/patients\/anesthesie-et-reanimation\" target=\"_blank\" rel=\"noreferrer noopener\">En savoir plus sur les rendez-vous d&rsquo;anesth\u00e9sie<\/a><\/p>\n<\/div><\/div><\/div><\/div><\/div><\/div>\n\n\n\n<div class=\"wp-block-cp-timeline-content-timeline-block-child swiper-slide\"><div class=\"timeline-content icon-false \"><div class=\"timeline-block-timeline ctl-row  position-left\"><div class=\"ctl-6 timeline-block-time\"><div class=\"story-time\"><p>Hospitalisation<\/p><\/div><\/div><div class=\"timeline-block-icon\"><svg stroke=\"currentColor\" fill=\"currentColor\" stroke-width=\"0\" viewBox=\"0 0 512 512\" height=\"1em\" width=\"1em\" xmlns=\"http:\/\/www.w3.org\/2000\/svg\"><path d=\"M256 8C119 8 8 119 8 256s111 248 248 248 248-111 248-248S393 8 256 8z\"><\/path><\/svg><\/div><div class=\"ctl-6 timeline-block-detail\"><div class=\"story-details\"><div class=\"story-content\">\n<figure class=\"wp-block-image size-full ctlb-block-image\"><img loading=\"lazy\" decoding=\"async\" width=\"379\" height=\"379\" src=\"https:\/\/ucos.fr\/wp-content\/uploads\/2024\/02\/Facade-Oceane-edited.jpg\" alt=\"\" class=\"wp-image-228\" style=\"aspect-ratio:4\/3;object-fit:cover\" srcset=\"https:\/\/ucos.fr\/wp-content\/uploads\/2024\/02\/Facade-Oceane-edited.jpg 379w, https:\/\/ucos.fr\/wp-content\/uploads\/2024\/02\/Facade-Oceane-edited-300x300.jpg 300w, https:\/\/ucos.fr\/wp-content\/uploads\/2024\/02\/Facade-Oceane-edited-150x150.jpg 150w\" sizes=\"auto, (max-width: 379px) 100vw, 379px\" \/><\/figure>\n\n\n\n<h3 class=\"wp-block-heading ctlb-block-title\" style=\"padding-top:0px;padding-right:0px;padding-bottom:0px;padding-left:0px\">Hospitalisation \u00e0 l&rsquo;H\u00f4pital Priv\u00e9 Oc\u00e9ane<\/h3>\n\n\n\n<p class=\"ctlb-block-desc has-normal-font-size\" style=\"padding-top:0px;padding-right:0px;padding-bottom:0px;padding-left:0px;font-style:normal;font-weight:100;line-height:1.2\">L&rsquo;H\u00f4pital Priv\u00e9 Oc\u00e9ane, autoris\u00e9 par l\u2019Agence R\u00e9gionale de Sant\u00e9 (ARS) Bretagne, regroupe 140 m\u00e9decins sp\u00e9cialistes et 600 salari\u00e9s. Il poss\u00e8de 244 lits d&rsquo;hospitalisation &#8211; m\u00e9decine, chirurgie, maternit\u00e9 &#8211; et 112 postes de chirurgie et anesth\u00e9sie ambulatoire.<br><br>>> <a href=\"https:\/\/www.elsan.care\/fr\/hopital-prive-oceane\" data-type=\"link\" data-id=\"https:\/\/www.elsan.care\/fr\/hopital-prive-oceane\" target=\"_blank\" rel=\"noreferrer noopener\">En savoir plus sur l&rsquo;H\u00f4pital Priv\u00e9 Oc\u00e9ane <\/a><\/p>\n<\/div><\/div><\/div><\/div><\/div><\/div>\n<\/div><\/div><\/div><\/div>\n\n\n\n<div class=\"wp-block-group is-layout-constrained wp-container-core-group-is-layout-92b9201d wp-block-group-is-layout-constrained\">\n<h2 class=\"wp-block-heading\">Hospitalisation ou prise en charge ambulatoire<\/h2>\n\n\n\n<p class=\"has-text-align-center has-normal-font-size\" style=\"font-style:normal;font-weight:100\">En fonction des situations, les deux options sont possibles<\/p>\n<\/div>\n\n\n\n<div class=\"wp-block-group is-layout-flow wp-block-group-is-layout-flow\">\n<div class=\"wp-block-columns is-layout-flex wp-container-core-columns-is-layout-28f84493 wp-block-columns-is-layout-flex\">\n<div class=\"wp-block-column is-layout-flow wp-container-core-column-is-layout-119bc444 wp-block-column-is-layout-flow\">\n<figure class=\"wp-block-image size-full\"><img loading=\"lazy\" decoding=\"async\" width=\"2560\" height=\"2560\" src=\"https:\/\/ucos.fr\/wp-content\/uploads\/2024\/02\/hiroshi-tsubono-kyknSeOD1H8-unsplash-edited-scaled.jpg\" alt=\"\" class=\"wp-image-246\" srcset=\"https:\/\/ucos.fr\/wp-content\/uploads\/2024\/02\/hiroshi-tsubono-kyknSeOD1H8-unsplash-edited-scaled.jpg 2560w, https:\/\/ucos.fr\/wp-content\/uploads\/2024\/02\/hiroshi-tsubono-kyknSeOD1H8-unsplash-edited-300x300.jpg 300w, https:\/\/ucos.fr\/wp-content\/uploads\/2024\/02\/hiroshi-tsubono-kyknSeOD1H8-unsplash-edited-1024x1024.jpg 1024w, https:\/\/ucos.fr\/wp-content\/uploads\/2024\/02\/hiroshi-tsubono-kyknSeOD1H8-unsplash-edited-150x150.jpg 150w, https:\/\/ucos.fr\/wp-content\/uploads\/2024\/02\/hiroshi-tsubono-kyknSeOD1H8-unsplash-edited-768x768.jpg 768w, https:\/\/ucos.fr\/wp-content\/uploads\/2024\/02\/hiroshi-tsubono-kyknSeOD1H8-unsplash-edited-1536x1536.jpg 1536w, https:\/\/ucos.fr\/wp-content\/uploads\/2024\/02\/hiroshi-tsubono-kyknSeOD1H8-unsplash-edited-2048x2048.jpg 2048w\" sizes=\"auto, (max-width: 2560px) 100vw, 2560px\" \/><\/figure>\n\n\n\n<h3 class=\"wp-block-heading\">Hospitalisation<\/h3>\n\n\n\n<p style=\"font-style:normal;font-weight:100\">Votre intervention n\u00e9cessite une hospitalisation de plusieurs jours ? Vous serez pris en charge par le service d&rsquo;orthop\u00e9die de l&rsquo;h\u00f4pital ELSAN, H\u00f4pital Priv\u00e9 Oc\u00e9ane.<br><br>>> rendez-vous avec l&rsquo;an\u00e9sth\u00e9siste, retour au domicile, r\u00e9\u00e9ducation, toutes les \u00e9tapes vous sont expliqu\u00e9es par le chirurgien et son \u00e9quipe et l&rsquo;ensemble des d\u00e9tails est \u00e0 retrouver sur le site de l&rsquo;<a href=\"https:\/\/www.elsan.care\/fr\/hopital-prive-oceane\/chirurgie\" target=\"_blank\" rel=\"noreferrer noopener\"><span style=\"text-decoration: underline;\">H\u00f4pital Priv\u00e9 Oc\u00e9ane<\/span><\/a>.<\/p>\n<\/div>\n\n\n\n<div class=\"wp-block-column is-layout-flow wp-container-core-column-is-layout-119bc444 wp-block-column-is-layout-flow\">\n<figure class=\"wp-block-image size-full\"><img loading=\"lazy\" decoding=\"async\" width=\"759\" height=\"759\" src=\"https:\/\/ucos.fr\/wp-content\/uploads\/2024\/02\/Capture-decran-2024-02-20-a-14.07.24-edited.png\" alt=\"\" class=\"wp-image-244\" srcset=\"https:\/\/ucos.fr\/wp-content\/uploads\/2024\/02\/Capture-decran-2024-02-20-a-14.07.24-edited.png 759w, https:\/\/ucos.fr\/wp-content\/uploads\/2024\/02\/Capture-decran-2024-02-20-a-14.07.24-edited-300x300.png 300w, https:\/\/ucos.fr\/wp-content\/uploads\/2024\/02\/Capture-decran-2024-02-20-a-14.07.24-edited-150x150.png 150w\" sizes=\"auto, (max-width: 759px) 100vw, 759px\" \/><\/figure>\n\n\n\n<h3 class=\"wp-block-heading\">Ambulatoire<\/h3>\n\n\n\n<p style=\"font-style:normal;font-weight:100\">Si les suites de votre chirurgie sont simples, peu douloureuses et n&rsquo;impliquent qu&rsquo;un handicap l\u00e9ger, vous serez amen\u00e9 \u00e0 \u00eatre pris en charge en ambulatoire.<br><br>>> D\u00e9tail de la prise en charge ambulatoire sur le <a href=\"https:\/\/www.elsan.care\/fr\/hopital-prive-oceane\/chirurgie-ambulatoire\" data-type=\"link\" data-id=\"https:\/\/www.elsan.care\/fr\/hopital-prive-oceane\/chirurgie-ambulatoire\" target=\"_blank\" rel=\"noreferrer noopener\"><span style=\"text-decoration: underline;\">site de l&rsquo;h\u00f4pital ELSAN<\/span><\/a><\/p>\n<\/div>\n<\/div>\n<\/div>\n<\/div>\n","protected":false},"excerpt":{"rendered":"<p>Les grandes \u00e9tapes de votre parcours patient Hospitalisation ou prise en charge ambulatoire En fonction des situations, les deux options sont possibles Hospitalisation Votre intervention n\u00e9cessite une hospitalisation de plusieurs jours ? Vous serez pris en charge par le service d&rsquo;orthop\u00e9die de l&rsquo;h\u00f4pital ELSAN, H\u00f4pital Priv\u00e9 Oc\u00e9ane. >> rendez-vous avec l&rsquo;an\u00e9sth\u00e9siste, retour au domicile, r\u00e9\u00e9ducation, [&hellip;]<\/p>\n","protected":false},"author":1,"featured_media":0,"parent":0,"menu_order":0,"comment_status":"closed","ping_status":"closed","template":"template-plain","meta":{"footnotes":""},"class_list":["post-151","page","type-page","status-publish","hentry"],"_links":{"self":[{"href":"https:\/\/ucos.fr\/index.php\/wp-json\/wp\/v2\/pages\/151","targetHints":{"allow":["GET"]}}],"collection":[{"href":"https:\/\/ucos.fr\/index.php\/wp-json\/wp\/v2\/pages"}],"about":[{"href":"https:\/\/ucos.fr\/index.php\/wp-json\/wp\/v2\/types\/page"}],"author":[{"embeddable":true,"href":"https:\/\/ucos.fr\/index.php\/wp-json\/wp\/v2\/users\/1"}],"replies":[{"embeddable":true,"href":"https:\/\/ucos.fr\/index.php\/wp-json\/wp\/v2\/comments?post=151"}],"version-history":[{"count":10,"href":"https:\/\/ucos.fr\/index.php\/wp-json\/wp\/v2\/pages\/151\/revisions"}],"predecessor-version":[{"id":487,"href":"https:\/\/ucos.fr\/index.php\/wp-json\/wp\/v2\/pages\/151\/revisions\/487"}],"wp:attachment":[{"href":"https:\/\/ucos.fr\/index.php\/wp-json\/wp\/v2\/media?parent=151"}],"curies":[{"name":"wp","href":"https:\/\/api.w.org\/{rel}","templated":true}]}}